{"id":143,"date":"2018-06-03T07:44:28","date_gmt":"2018-06-03T07:44:28","guid":{"rendered":"http:\/\/teosz.hu\/T2\/?page_id=143"},"modified":"2018-07-04T08:53:09","modified_gmt":"2018-07-04T08:53:09","slug":"alapszabaly","status":"publish","type":"page","link":"http:\/\/teosz.hu\/T2\/alapszabaly\/","title":{"rendered":"Alapszab\u00e1ly"},"content":{"rendered":"<p style=\"text-align: center;\" align=\"justify\">\n<p style=\"text-align: center;\" align=\"justify\"><strong>T \u00c1 R S A D A L M I\u00a0 \u00a0 \u00a0E G Y E S \u00dc L \u00c9 S E K\u00a0 \u00a0 \u00a0O R S Z \u00c1 G O S<\/strong><\/p>\n<p style=\"text-align: center;\" align=\"justify\"><strong> S Z \u00d6 V E T S \u00c9 G E<\/strong><\/p>\n<p style=\"text-align: center;\" align=\"justify\"><strong> A L A P S Z A B \u00c1 L Y<\/strong><\/p>\n<p style=\"text-align: center;\" align=\"justify\"><strong>2016.<\/strong><\/p>\n<p align=\"justify\">\n<p align=\"justify\">\n<p align=\"justify\">I.<\/p>\n<p align=\"justify\">\n<p align=\"justify\">\u00c1LTAL\u00c1NOS RENDELKEZ\u00c9SEK<\/p>\n<p align=\"justify\">\n<p align=\"justify\">1. Neve: T\u00e1rsadalmi Egyes\u00fcl\u00e9sek Orsz\u00e1gos Sz\u00f6vets\u00e9ge<\/p>\n<p align=\"justify\">R\u00f6vid\u00edtett neve: TESZ<\/p>\n<p align=\"justify\">A nemzetk\u00f6zi kapcsolatokban haszn\u00e1lt elnevez\u00e9se:<\/p>\n<p align=\"justify\">Confederation of Social Associations<\/p>\n<p align=\"justify\">2. Sz\u00e9khelye: H-1093. Budapest, M\u00e1ty\u00e1s utca 15. fsz.1.<\/p>\n<p align=\"justify\">E-mailc\u00edme: teszbp1@gmail.com<\/p>\n<p align=\"justify\">3. M\u0171k\u00f6d\u00e9si ter\u00fclete: Magyarorsz\u00e1g k\u00f6zigazgat\u00e1si ter\u00fclete.<\/p>\n<p align=\"justify\">4. Jog\u00e1ll\u00e1sa: Sz\u00f6vets\u00e9g form\u00e1ban m\u0171k\u00f6d\u0151 orsz\u00e1gos hat\u00e1sk\u00f6r\u0171 egyes\u00fclet, mely jogi szem\u00e9lyis\u00e9ggel rendelkezik.<\/p>\n<p align=\"justify\">Az egyes\u00fcletek nyilv\u00e1ntart\u00e1s\u00e1ban, a F\u0151v\u00e1rosi T\u00f6rv\u00e9nysz\u00e9k \u00e1ltal 607. sorsz\u00e1m alatt, 1990. augusztus 9-\u00e9n bejegyezve.<\/p>\n<p align=\"justify\">5. Embl\u00e9m\u00e1ja: K\u00f6r alak\u00fa, feh\u00e9r alapon k\u00e9k szeg\u00e9llyel,<\/p>\n<p align=\"justify\">T\u00c1RSADALMI EGYES\u00dcL\u00c9SEK ORSZ\u00c1GOS SZ\u00d6VETS\u00c9GE<\/p>\n<p align=\"justify\">k\u00e9k sz\u00edn\u0171 felirattal, k\u00f6zep\u00e9n stiliz\u00e1lt fa \u00e1br\u00e1val, benne TESZ 1990. r\u00f6vid\u00edt\u00e9ssel.<\/p>\n<p align=\"justify\">\n<p align=\"justify\">II.<\/p>\n<p align=\"justify\">\n<p align=\"justify\">A SZ\u00d6VETS\u00c9G C\u00c9LJA, TEV\u00c9KENYS\u00c9GE, FELADATAI<\/p>\n<p align=\"justify\">\n<p align=\"justify\">6. C\u00e9lja: a Sz\u00f6vets\u00e9gben egy\u00fcttm\u0171k\u00f6d\u0151 civil szervezetek \u00e9s sz\u00f6vets\u00e9gek tev\u00e9kenys\u00e9g\u00e9nek \u00f6sszehangol\u00e1sa, orsz\u00e1gos \u00e9s nemzetk\u00f6zi megjelen\u00edt\u00e9se, szervezeti \u00e9let\u00fck \u00e9s munk\u00e1juk el\u0151seg\u00edt\u00e9se, \u00e9rdekeik sokoldal\u00fa k\u00e9pviselete. A magyar nemzeti \u00e9rt\u00e9kek \u00e1pol\u00e1sa \u00e9s gazdag\u00edt\u00e1sa, a t\u00e1rsadalmi halad\u00e1s \u00e9s a civil k\u00f6z\u00f6ss\u00e9gek fejl\u0151d\u00e9s\u00e9nek sokoldal\u00fa szolg\u00e1lata.<\/p>\n<p align=\"justify\">7. A TESZ, mint sz\u00f6vets\u00e9g p\u00e1rtsemleges egyes\u00fclet, politikai p\u00e1rtokat \u00e9s szervezeteket nem t\u00e1mogat, politikai p\u00e1rtokt\u00f3l t\u00e1mogat\u00e1sban nem r\u00e9szes\u00fcl. C\u00e9lja el\u00e9r\u00e9s\u00e9\u00e9rt egy\u00fcttm\u0171k\u00f6dik a t\u00e1rsadalom \u00e9rdek\u00e9ben munk\u00e1lkod\u00f3 hasonl\u00f3 civil szervezetekkel, valamint az \u00e1llami szervekkel \u00e9s az \u00f6nkorm\u00e1nyzatokkal.<\/p>\n<p align=\"justify\">A sz\u00f6vets\u00e9g tart\u00f3zkodik minden sz\u00e9ls\u0151s\u00e9gt\u0151l, kirekeszt\u0151 megnyilv\u00e1nul\u00e1st\u00f3l, er\u0151szakt\u00f3l \u00e9s b\u00e9k\u00e9tlens\u00e9gt\u0151l. A TESZ v\u00e1lasztott tiszts\u00e9gvisel\u0151i nem lehetnek egyidej\u0171leg politikai p\u00e1rt tagjai, vagy alkalmazottai.<\/p>\n<p align=\"justify\">A TESZ m\u0171k\u00f6d\u00e9se ny\u00edlt \u00e9s demokratikus.<\/p>\n<p align=\"justify\">8. A Sz\u00f6vets\u00e9g az alkotm\u00e1nyoss\u00e1g, a demokr\u00e1cia \u00e9s a jog\u00e1llamis\u00e1g alapj\u00e1n v\u00e9gzi tev\u00e9kenys\u00e9g\u00e9t;<\/p>\n<p align=\"justify\">&#8211; t\u00e1mogatja a t\u00e1rsadalom civil szervezeteit \u00e9s demokratikus mozgalmait,<\/p>\n<p align=\"justify\">&#8211; el\u0151seg\u00edti a nemzeti \u00f6sszetartoz\u00e1st, a polg\u00e1ri fejl\u0151d\u00e9st, a nemzeti, az eur\u00f3pai \u00e9s az egyetemes emberi \u00e9rt\u00e9kek \u00e9rv\u00e9nyes\u00fcl\u00e9s\u00e9t \u00e9s gyarap\u00edt\u00e1s\u00e1t, az alapvet\u0151 emberi \u00e9s polg\u00e1ri jogokat,<\/p>\n<p align=\"justify\">&#8211; \u00f3vja \u00e9s fejleszti a magyar nemzeti kult\u00far\u00e1t \u00e9s az itt \u00e9l\u0151 nemzetis\u00e9gek kult\u00far\u00e1j\u00e1t, &#8212; seg\u00edti a szoci\u00e1lis, az eg\u00e9szs\u00e9g\u00fcgyi, a kultur\u00e1lis \u00e9s sport szolg\u00e1ltat\u00e1sok tev\u00e9kenys\u00e9gek jav\u00edt\u00e1s\u00e1t,<\/p>\n<p align=\"justify\">&#8211; \u00e9rdemi szerepet v\u00e1llal a fogyaszt\u00f3v\u00e9delem \u00e9rv\u00e9nyes\u00edt\u00e9s\u00e9ben, szervezeti tov\u00e1bbfejleszt\u00e9s\u00e9ben,<\/p>\n<p align=\"justify\">&#8211; k\u00f6zrem\u0171k\u00f6dik a lak\u00f3helyi \u00e9s term\u00e9szeti k\u00f6rnyezet meg\u00f3v\u00e1s\u00e1ban \u00e9s fejleszt\u00e9s\u00e9ben,<\/p>\n<p align=\"justify\">&#8211; t\u00e1mogatja a n\u00e9pek, nemzetek k\u00f6z\u00f6tti bar\u00e1ts\u00e1got \u00e9s egy\u00fcttm\u0171k\u00f6d\u00e9st, a n\u00e9pi diplom\u00e1ci\u00e1t.<\/p>\n<p align=\"justify\">A hat\u00e9konyabb lakoss\u00e1gi \u00e9rdekk\u00e9pviselet megval\u00f3s\u00edt\u00e1s\u00e1\u00e9rt a TESZ m\u00e1s civil szervezetekkel is egy\u00fcttm\u0171k\u00f6dik, sz\u00fcks\u00e9g szerint koordin\u00e1ci\u00f3s feladatokat is v\u00e1llal, esetenk\u00e9nt k\u00fcls\u0151 szak\u00e9rt\u0151k bevon\u00e1s\u00e1val.<\/p>\n<p align=\"justify\">A Sz\u00f6vets\u00e9g Oktat\u00e1si \u00e9s Szabadid\u0151 K\u00f6z\u00f6ss\u00e9gi H\u00e1zat m\u0171k\u00f6dtet k\u00e9pz\u00e9s, tov\u00e1bbk\u00e9pz\u00e9s<\/p>\n<p align=\"justify\">\u00e9s egy\u00e9b k\u00f6z\u00f6ss\u00e9gi c\u00e9lok \u00e9rdek\u00e9ben.<\/p>\n<p style=\"text-align: left;\" align=\"center\">\n<p style=\"text-align: left;\" align=\"center\">III.<\/p>\n<p style=\"text-align: left;\" align=\"center\">\n<p style=\"text-align: left;\" align=\"center\">A SZ\u00d6VETS\u00c9G TAGS\u00c1GA<\/p>\n<p style=\"text-align: left;\" align=\"justify\">\n<p align=\"justify\">9. A TESZ tagjai a rendes \u00e9s p\u00e1rtol\u00f3 tagok.<\/p>\n<p align=\"justify\">10. Rendes tag az a b\u00edr\u00f3s\u00e1g \u00e1ltal nyilv\u00e1ntart\u00e1sba vett egyes\u00fclet, egyben azok sz\u00f6vets\u00e9gei, ami illetve amelyek \u00edr\u00e1sban el\u0151terjesztett bel\u00e9p\u00e9si nyilatkozat\u00e1t a TESZ Eln\u00f6ks\u00e9ge javaslat\u00e1ra a K\u00fcld\u00f6ttgy\u0171l\u00e9s elfogadja. Az elfogad\u00e1s felt\u00e9tele tov\u00e1bb\u00e1 az alapszab\u00e1lyok k\u00f6lcs\u00f6n\u00f6s elismer\u00e9se \u00e9s tags\u00e1gi d\u00edj v\u00e1llal\u00e1sa.<\/p>\n<p align=\"justify\">11. P\u00e1rtol\u00f3 tag az term\u00e9szetes szem\u00e9ly vagy egyes\u00fclet, akit illetve amelyet a Sz\u00f6vets\u00e9g tev\u00e9kenys\u00e9g\u00e9hez sz\u00fcks\u00e9ges \u00f6nk\u00e9ntesen v\u00e1llalt munka,illetve vagyoni t\u00e1mogat\u00e1s alapj\u00e1n \u00edr\u00e1sban el\u0151terjesztett k\u00e9r\u00e9s\u00e9re a K\u00fcld\u00f6ttgy\u0171l\u00e9s az Eln\u00f6ks\u00e9g javaslat\u00e1ra p\u00e1rtol\u00f3 tagk\u00e9nt felvesz. A p\u00e1rtol\u00f3 tag vagyoni hozz\u00e1j\u00e1rul\u00e1ssal vesz r\u00e9szt a TESZ m\u0171k\u00f6d\u00e9s\u00e9ben. A p\u00e1rtol\u00f3 tag a K\u00fcld\u00f6ttgy\u0171l\u00e9s tev\u00e9kenys\u00e9g\u00e9ben tan\u00e1cskoz\u00e1si joggal vesz r\u00e9szt, szavazati joga nincs \u00e9s tiszts\u00e9gre nem v\u00e1laszthat\u00f3. A p\u00e1rtol\u00f3 tag tagd\u00edjat nem fizet, k\u00f6telezetts\u00e9ge a v\u00e1llalt vagyoni hozz\u00e1j\u00e1rul\u00e1s megfizet\u00e9se.<\/p>\n<p align=\"justify\">Minden tags\u00e1gi form\u00e1n\u00e1l a tags\u00e1gi jogviszony kezdete a felv\u00e9telr\u0151l sz\u00f3l\u00f3 k\u00f6zgy\u0171l\u00e9si hat\u00e1rozat id\u0151pontja.<\/p>\n<p align=\"justify\">12. A rendes \u00e9s p\u00e1rtol\u00f3 tagot, tov\u00e1bb\u00e1 a megyei TESZ sz\u00f6vets\u00e9gek tagjait, a TESZ nyilv\u00e1ntart\u00e1sba veszi. A megyei sz\u00f6vets\u00e9g a saj\u00e1t tagjait \u00f6n\u00e1ll\u00f3an veszi fel a tagok sor\u00e1ba, tagjegyz\u00e9k\u00fck fel\u00fclvizsg\u00e1lat\u00e1nak eredm\u00e9ny\u00e9t f\u00e9l\u00e9vente elektronikus \u00faton k\u00f6zli a TESZ Eln\u00f6ks\u00e9g\u00e9vel.<\/p>\n<p align=\"justify\">13. A tags\u00e1gi viszony megsz\u0171nik:<\/p>\n<ol type=\"a\">\n<li>\n<p align=\"justify\">a tag kil\u00e9p\u00e9s\u00e9vel;<\/p>\n<\/li>\n<li>\n<p align=\"justify\">a tags\u00e1gi jogviszony egyes\u00fclet \u00e1ltali felmond\u00e1s\u00e1val;<\/p>\n<\/li>\n<li>\n<p align=\"justify\">a tag kiz\u00e1r\u00e1s\u00e1val,<\/p>\n<\/li>\n<li>\n<p align=\"justify\">a tag jogut\u00f3d n\u00e9lk\u00fcli megsz\u0171n\u00e9s\u00e9vel.<\/p>\n<\/li>\n<\/ol>\n<p align=\"justify\">Ad a ) A tag b\u00e1rmikor indokl\u00e1s n\u00e9lk\u00fcl kil\u00e9phet a szervezetb\u0151l az eln\u00f6ks\u00e9ghez int\u00e9zett \u00edr\u00e1sbeli bejelent\u00e9ssel. A tags\u00e1gi jogviszony a bejent\u00e9s be\u00e9rkez\u00e9s\u00e9nek napj\u00e1val sz\u0171nik meg.<\/p>\n<p align=\"justify\">Ad b) A Sz\u00f6vets\u00e9g, mint egyes\u00fclet a tagd\u00edj nemfizet\u00e9se eset\u00e9n mondja fel a tags\u00e1gi jogviszonyt oly m\u00f3don, hogy az Eln\u00f6ks\u00e9g a fizet\u00e9sre sz\u00f3l\u00f3 \u00edr\u00e1sos felsz\u00f3l\u00edt\u00e1st k\u00f6vet\u0151 \u00fcl\u00e9s\u00e9n hat\u00e1rozatot hoz a felmond\u00e1sr\u00f3l \u00e9s azt \u00edr\u00e1sban k\u00f6zli az \u00e9rintett tagegyes\u00fclettel. Az \u00e9rintett tagegyes\u00fclet a hat\u00e1rozat k\u00e9zhezv\u00e9tel\u00e9t\u0151l sz\u00e1m\u00edtva 15 napon bel\u00fcl a K\u00fcld\u00f6ttgy\u0171l\u00e9shez fordulhat jogorvoslat\u00e9rt az erre vonatkoz\u00f3 \u00e1ltal\u00e1nos szab\u00e1lyok szerint.<\/p>\n<p align=\"justify\">Ad c) A tagegyes\u00fclet kiz\u00e1r\u00e1s\u00e1ra alapos okb\u00f3l ker\u00fclhet sor. Alapos oknak min\u0151s\u00fcl k\u00fcl\u00f6n\u00f6sen, ha a tagegyes\u00fclet:<\/p>\n<ul>\n<li>\n<p align=\"justify\">tudatosan hamis adatokat k\u00f6z\u00f6l, vagy egy\u00e1ltal\u00e1n nem szolg\u00e1ltat adatokat,<\/p>\n<\/li>\n<li>\n<p align=\"justify\">tags\u00e1gi jogaival vissza\u00e9lve, mag\u00e1nak jogtalan el\u0151nyt szerez, illetve m\u00e1soknak tudatosan k\u00e1rt okoz.<\/p>\n<\/li>\n<\/ul>\n<p align=\"justify\">A tagnak jogszab\u00e1lyt, az egyes\u00fclet alapszab\u00e1ly\u00e1t vagy k\u00f6zgy\u0171l\u00e9si hat\u00e1rozat\u00e1t s\u00falyosan vagy ism\u00e9telten s\u00e9rt\u0151 magatart\u00e1sa eset\u00e9n a k\u00f6zgy\u0171l\u00e9s \u2013 b\u00e1rmely egyes\u00fcleti tag vagy egyes\u00fcleti szerv kezdem\u00e9nyez\u00e9s\u00e9re \u2013 a taggal szemben kiz\u00e1r\u00e1si elj\u00e1r\u00e1st folytathat le.<\/p>\n<p align=\"justify\">A kiz\u00e1r\u00e1st az ok r\u00e9szletes felt\u00fcntet\u00e9s\u00e9vel b\u00e1rmely tag \u00edr\u00e1sban kezdem\u00e9nyezheti az Eln\u00f6ks\u00e9gn\u00e9l, mely az \u00fcgyet kivizsg\u00e1lja, &#8211; ha sz\u00fcks\u00e9ges &#8211; szak\u00e9rt\u0151k bevon\u00e1s\u00e1val v\u00e9lem\u00e9nyezi azt, majd a kiz\u00e1r\u00e1si javaslatot a K\u00fcld\u00f6ttgy\u0171l\u00e9s el\u00e9 terjeszti.<\/p>\n<p align=\"justify\">A kiz\u00e1r\u00e1si javaslatr\u00f3l az \u00e9rintett tagot \u00edr\u00e1sban kell \u00e9rtes\u00edteni a K\u00fcld\u00f6ttgy\u0171l\u00e9s \u00fcl\u00e9se el\u0151tt 8 nappal azzal, hogy az \u00e9rintett tag v\u00e9dekez\u00e9s\u00e9t az \u00fcl\u00e9sen el\u0151adhatja. A tagot t\u00e1j\u00e9koztatni kell a jogorvoslati lehet\u0151s\u00e9gr\u0151l.<\/p>\n<p align=\"justify\">A kiz\u00e1r\u00e1sr\u00f3l a K\u00fcld\u00f6ttgy\u0171l\u00e9s d\u00f6nt. A kiz\u00e1r\u00e1sr\u00f3l sz\u00f3l\u00f3 d\u00f6nt\u00e9st a K\u00fcld\u00f6ttgy\u0171l\u00e9s \u00edr\u00e1sban k\u00f6zli az \u00e9rintett taggal, aki a kiz\u00e1r\u00f3 d\u00f6nt\u00e9s k\u00e9zhezv\u00e9tel\u00e9t\u0151l sz\u00e1m\u00edtott 30 napon bel\u00fcl b\u00edr\u00f3s\u00e1ghoz fordulhat jogorvoslat\u00e9rt.<\/p>\n<p align=\"justify\">A tag kiz\u00e1r\u00e1s\u00e1t indokol\u00e1ssal kell ell\u00e1tni; az indokol\u00e1snak tartalmaznia kell a kiz\u00e1r\u00e1s alapj\u00e1ul szolg\u00e1l\u00f3 t\u00e9nyeket \u00e9s bizony\u00edt\u00e9kokat, tov\u00e1bb\u00e1 a jogorvoslati lehet\u0151s\u00e9gr\u0151l val\u00f3 t\u00e1j\u00e9koztat\u00e1st.<\/p>\n<p align=\"justify\">A Sz\u00f6vets\u00e9g a felmond\u00e1ssal megsz\u0171nt tags\u00e1g\u00fa, illetve kiz\u00e1rt tagegyes\u00fclettel szemben a tags\u00e1gi viszonnyal kapcsolatos tagd\u00edj-tartoz\u00e1sb\u00f3l ered\u0151 ig\u00e9ny\u00e9t polg\u00e1ri jogi \u00faton \u00e9rv\u00e9nyes\u00edtheti.<\/p>\n<p align=\"justify\">\n<p align=\"justify\">IV.<\/p>\n<p align=\"justify\">\n<p align=\"justify\">TAGS\u00c1GI JOGOK \u00c9S K\u00d6TELESS\u00c9GEK<\/p>\n<p align=\"justify\">\n<p align=\"justify\">14. Valamennyi tag alapvet\u0151 joga \u00e9s k\u00f6teless\u00e9ge saj\u00e1t \u00f6n\u00e1ll\u00f3s\u00e1g\u00e1nak fenntart\u00e1sa mellett, r\u00e9szt venni a TESZ tev\u00e9kenys\u00e9g\u00e9ben.<\/p>\n<p align=\"justify\">15. A rendes tag jogai;<\/p>\n<p align=\"justify\">&#8211; k\u00fcld\u00f6ttei illetve k\u00e9pvisel\u0151je \u00fatj\u00e1n r\u00e9szt vesz a sz\u00f6vets\u00e9g tartalmi munk\u00e1j\u00e1ban, rendezv\u00e9nyein,<\/p>\n<p align=\"justify\">&#8211; v\u00e1laszt\u00f3 \u00e9s v\u00e1laszthat\u00f3,<\/p>\n<p align=\"justify\">&#8211; ig\u00e9nyelheti a sz\u00f6vets\u00e9gt\u0151l szervezete \u00e9rdekeinek k\u00e9pviselet\u00e9t \u00e9s t\u00e1mogat\u00e1st k\u00e9rhet rendezv\u00e9nyeihez,<\/p>\n<p align=\"justify\">&#8211; k\u00f6lts\u00e9gt\u00e9r\u00edt\u00e9s mellett ig\u00e9nybe veheti a sz\u00f6vets\u00e9g szolg\u00e1ltat\u00e1sait,<\/p>\n<p align=\"justify\">&#8211; jogi seg\u00edts\u00e9get, k\u00e9pviseletet vehet ig\u00e9nybe,<\/p>\n<p align=\"justify\">&#8211; ig\u00e9nyelheti az \u00e9rdemi k\u00e9pviseletet a civil szervezetek f\u00f3rumain, a korm\u00e1nyzati, az \u00f6nkorm\u00e1nyzati kapcsolatok \u00e9s \u00e9rdekegyeztet\u00e9sek sor\u00e1n,<\/p>\n<p align=\"justify\">&#8211; javaslatokat, \u00e9szrev\u00e9telt ny\u00fajthat be, melyre a sz\u00f6vets\u00e9g illet\u00e9kes test\u00fclete \u00e9rdemi v\u00e1laszt k\u00f6teles adni.<\/p>\n<p align=\"justify\">A rendes tag r\u00e9szt vesz a sz\u00f6vets\u00e9g vezet\u0151 szerveinek munk\u00e1j\u00e1ban. A test\u00fcletek tagjaira, a tiszts\u00e9gvisel\u0151kre szem\u00e9lyi javaslatokat tesz.<\/p>\n<p align=\"justify\">16. A rendes tag k\u00f6teless\u00e9gei:<\/p>\n<p align=\"justify\">&#8211; a TESZ Alapszab\u00e1ly\u00e1nak \u00e9s az SZMSZ-nek a betart\u00e1sa,<\/p>\n<p align=\"justify\">&#8211; t\u00e1mogatni a sz\u00f6vets\u00e9g t\u00f6rekv\u00e9seit a tagegyes\u00fcleteikben, valamint a lakoss\u00e1gi \u00e9rdekk\u00e9pviselet megval\u00f3s\u00edt\u00e1s\u00e1ban, a civil szervezetekkel t\u00f6rt\u00e9n\u0151 egy\u00fcttm\u0171k\u00f6d\u00e9sben, a k\u00f6z\u00f6ss\u00e9gek val\u00f3s \u00e9rdekeinek k\u00e9pviselet\u00e9ben,<\/p>\n<p align=\"justify\">&#8211; a K\u00f6zgy\u0171l\u00e9s \u00e1ltal \u00e9venk\u00e9nt meghat\u00e1rozott \u00e9ves tags\u00e1gi d\u00edjat, anyagi t\u00e1mogat\u00e1st f\u00e9l\u00e9ves bont\u00e1sban m\u00e1jus 31., ill. november 30. napj\u00e1ig teljes\u00edteni.<\/p>\n<p align=\"justify\">17. A p\u00e1rtol\u00f3 tag jogai azonosak a rendes tag jogaival \u00e9s k\u00f6teless\u00e9geivel azzal az elt\u00e9r\u00e9ssel, hogy a p\u00e1rtol\u00f3 tag k\u00e9pvisel\u0151je nem v\u00e1laszt \u00e9s nem v\u00e1laszthat\u00f3, tagd\u00edjat nem fizet.<\/p>\n<p align=\"justify\">A p\u00e1rtol\u00f3 tag k\u00f6teless\u00e9ge a saj\u00e1t maga \u00e1ltal felaj\u00e1nlott tagd\u00edj ill. hozz\u00e1j\u00e1rul\u00e1s megfizet\u00e9se, melynek \u00f6sszege legal\u00e1bb el\u00e9ri a rendes tag \u00e1ltal fizetett tags\u00e1gi d\u00edj m\u00e9rt\u00e9k\u00e9t.<\/p>\n<p align=\"justify\">Minden tag jogosult a TESZ erk\u00f6lcsi erej\u00e9vel a nyilv\u00e1noss\u00e1g el\u0151tt is \u00e9lni. A saj\u00e1t n\u00e9vhaszn\u00e1lata sor\u00e1n felt\u00fcntetheti; &#8220;A TESZ tagszervezete&#8221; \u2013 illetve \u201eA TESZ p\u00e1rtol\u00f3 szervezete\u201d megjel\u00f6l\u00e9st \u00e9s jogosult a TESZ embl\u00e9m\u00e1j\u00e1nak haszn\u00e1lat\u00e1ra.<\/p>\n<p align=\"justify\">\n<p align=\"justify\">V.<\/p>\n<p align=\"justify\">\n<p align=\"justify\">A TESZ SZERVEZETI FEL\u00c9P\u00cdT\u00c9SE<\/p>\n<p align=\"justify\">\n<p align=\"justify\">18. Az Orsz\u00e1gos Sz\u00f6vets\u00e9g ( TESZ ) az al\u00e1bbi tagszervezetek \u00f6sszess\u00e9g\u00e9b\u0151l \u00e1ll: a TESZ \u00f6n\u00e1ll\u00f3 b\u00edr\u00f3s\u00e1gi nyilv\u00e1ntart\u00e1sba v\u00e9tellel rendelkez\u0151 megyei sz\u00f6vets\u00e9gei \u00e9s tov\u00e1bbi egyes\u00fcletek.<\/p>\n<p align=\"justify\">A TESZ egyes\u00fcleti form\u00e1ban m\u0171k\u00f6d\u0151 orsz\u00e1gos szervezetts\u00e9g\u0171 Sz\u00f6vets\u00e9g, melynek lehetnek megyei (f\u0151v\u00e1rosi) sz\u00f6vets\u00e9gei, jogi szem\u00e9lyis\u00e9g\u0171 szervezeti egys\u00e9gei.<\/p>\n<p align=\"justify\">19. A T\u00e1rsadalmi Egyes\u00fcl\u00e9sek Orsz\u00e1gos Sz\u00f6vets\u00e9ge az Eln\u00f6ks\u00e9g javaslat\u00e1ra, a K\u00fcld\u00f6ttgy\u0171l\u00e9s d\u00f6nt\u00e9s\u00e9vel veszi fel saj\u00e1t tagjait.<\/p>\n<p align=\"justify\">20. A tagszervezetek tev\u00e9kenys\u00e9g\u00e9nek el\u0151seg\u00edt\u00e9s\u00e9re \u00e9s a k\u00f6zvetlen lakoss\u00e1gi kapcsolatok c\u00e9lj\u00e1b\u00f3l a tagok \u00f6n\u00e1ll\u00f3 jogi szem\u00e9lyis\u00e9g\u0171 megyei (f\u0151v\u00e1rosi) sz\u00f6vets\u00e9geket hozhatnak l\u00e9tre. Az ilyen m\u00f3don l\u00e9trej\u00f6tt megyei sz\u00f6vets\u00e9geket k\u00e9r\u00e9s\u00fckre a TESZ felveszi a rendes tagok sor\u00e1ba. Az \u00f6n\u00e1ll\u00f3 megyei sz\u00f6vets\u00e9gek m\u0171k\u00f6d\u00e9s\u00e9t \u00e9s tev\u00e9kenys\u00e9g\u00fck felt\u00e9teleit, a TESZ Alapszab\u00e1ly\u00e1ra alapozottan a saj\u00e1t Alapszab\u00e1lyuk \u00e9s SZMSZ-\u00fck hat\u00e1rozza meg.<\/p>\n<p align=\"justify\">\n<p align=\"justify\">VI.<\/p>\n<p align=\"justify\">\n<p align=\"justify\">A TESZ ORSZ\u00c1GOS VEZET\u0150, ELLEN\u0150RZ\u0150 SZERVEI \u00c9S TISZTS\u00c9GVISEL\u0150I<\/p>\n<p align=\"justify\">\n<p align=\"justify\">21. A TESZ szervei:<\/p>\n<p align=\"justify\">&#8211; a K\u00fcld\u00f6ttgy\u0171l\u00e9s,<\/p>\n<p align=\"justify\">&#8211; az Eln\u00f6ks\u00e9g \u00e9s<\/p>\n<p align=\"justify\">&#8211; a Fel\u00fcgyel\u0151 Bizotts\u00e1g.<\/p>\n<p align=\"justify\">A TESZ vezet\u0151 tiszts\u00e9gvisel\u0151i: az Eln\u00f6k, az Aleln\u00f6k, \u00e9s az Eln\u00f6ks\u00e9g tagjai, tiszts\u00e9gvisel\u0151i a Fel\u00fcgyel\u0151 Bizotts\u00e1g tagjai.<\/p>\n<p align=\"justify\">A tiszts\u00e9gvisel\u0151k mand\u00e1tuma a megv\u00e1laszt\u00e1st\u00f3l sz\u00e1m\u00edtott \u00f6t \u00e9vre sz\u00f3l.<\/p>\n<p align=\"justify\">\n<p style=\"text-align: left;\" align=\"justify\">VII.<\/p>\n<p style=\"text-align: left;\" align=\"center\">\n<p style=\"text-align: left;\" align=\"center\">A K\u00dcLD\u00d6TTGY\u0170L\u00c9S<\/p>\n<p style=\"text-align: left;\" align=\"justify\">\n<p style=\"text-align: left;\" align=\"justify\">22. A K\u00fcld\u00f6ttgy\u0171l\u00e9s a sz\u00f6vets\u00e9g legf\u0151bb szerve, mely a tagok k\u00e9pviselet\u00e9nek \u00f6sszess\u00e9ge, s a tagszervezetek k\u00fcld\u00f6tteib\u0151l \u00e1ll.<\/p>\n<p align=\"justify\">23. A K\u00fcld\u00f6ttgy\u0171l\u00e9s hat\u00e1sk\u00f6r\u00e9be tartozik:<\/p>\n<p align=\"justify\">a) az alapszab\u00e1ly m\u00f3dos\u00edt\u00e1sa; a Szervezeti \u00e9s M\u0171k\u00f6d\u00e9si Szab\u00e1lyzat elfogad\u00e1sa \u00e9s m\u00f3dos\u00edt\u00e1sa;<\/p>\n<p align=\"justify\">b) az egyes\u00fclet megsz\u0171n\u00e9s\u00e9nek, egyes\u00fcl\u00e9s\u00e9nek \u00e9s sz\u00e9tv\u00e1l\u00e1s\u00e1nak elhat\u00e1roz\u00e1sa;<\/p>\n<p align=\"justify\">c) a vezet\u0151 tiszts\u00e9gvisel\u0151 megv\u00e1laszt\u00e1sa, visszah\u00edv\u00e1sa \u00e9s d\u00edjaz\u00e1s\u00e1nak meg\u00e1llap\u00edt\u00e1sa;<\/p>\n<p align=\"justify\">d) az \u00e9ves k\u00f6lts\u00e9gvet\u00e9s elfogad\u00e1sa;<\/p>\n<p align=\"justify\">e) az \u00e9ves besz\u00e1mol\u00f3 &#8211; ezen bel\u00fcl az \u00fcgyvezet\u0151 szervnek az egyes\u00fclet vagyoni helyzet\u00e9r\u0151l sz\u00f3l\u00f3 jelent\u00e9s\u00e9nek &#8211; elfogad\u00e1sa;<\/p>\n<p align=\"justify\">f) a vezet\u0151 tiszts\u00e9gvisel\u0151 feletti munk\u00e1ltat\u00f3i jogok gyakorl\u00e1sa, ha a vezet\u0151 tiszts\u00e9gvisel\u0151 az egyes\u00fclettel munkaviszonyban \u00e1ll;<\/p>\n<p align=\"justify\">g) az olyan szerz\u0151d\u00e9s megk\u00f6t\u00e9s\u00e9nek j\u00f3v\u00e1hagy\u00e1sa, amelyet az egyes\u00fclet saj\u00e1t tagj\u00e1val, vezet\u0151 tiszts\u00e9gvisel\u0151j\u00e9vel, a fel\u00fcgyel\u0151bizotts\u00e1g tagj\u00e1val vagy ezek hozz\u00e1tartoz\u00f3j\u00e1val k\u00f6t;<\/p>\n<p align=\"justify\">h) a jelenlegi \u00e9s kor\u00e1bbi egyes\u00fcleti tagok, a vezet\u0151 tiszts\u00e9gvisel\u0151k \u00e9s a fel\u00fcgyel\u0151bizotts\u00e1gi tagok vagy m\u00e1s egyes\u00fcleti szervek tagjai elleni k\u00e1rt\u00e9r\u00edt\u00e9si ig\u00e9nyek \u00e9rv\u00e9nyes\u00edt\u00e9s\u00e9r\u0151l val\u00f3 d\u00f6nt\u00e9s;<\/p>\n<p align=\"justify\">i) a fel\u00fcgyel\u0151bizotts\u00e1g tagjainak megv\u00e1laszt\u00e1sa, visszah\u00edv\u00e1suk \u00e9s d\u00edjaz\u00e1suk meg\u00e1llap\u00edt\u00e1sa;<\/p>\n<p align=\"justify\">j) a v\u00e1lasztott k\u00f6nyvvizsg\u00e1l\u00f3 megv\u00e1laszt\u00e1sa, visszah\u00edv\u00e1sa \u00e9s d\u00edjaz\u00e1s\u00e1nak meg\u00e1llap\u00edt\u00e1sa; \u00e9s<\/p>\n<p align=\"justify\">k) a v\u00e9gelsz\u00e1mol\u00f3 kijel\u00f6l\u00e9se;<\/p>\n<p align=\"justify\">l) az Eln\u00f6ks\u00e9g kiz\u00e1r\u00e1sr\u00f3l illetve t\u00f6rl\u00e9sr\u0151l sz\u00f3l\u00f3 hat\u00e1rozata elleni fellebbez\u00e9s elb\u00edr\u00e1l\u00e1sa;<\/p>\n<p align=\"justify\">m) a tagok vagyoni hozz\u00e1j\u00e1rul\u00e1s\u00e1nak meghat\u00e1roz\u00e1sa.<\/p>\n<p align=\"justify\">24. Az K\u00fcld\u00f6ttgy\u0171l\u00e9sbe t\u00f6rt\u00e9n\u0151 k\u00fcld\u00f6tt\u00e1ll\u00edt\u00e1s elvei<\/p>\n<p align=\"justify\">A rendes tagok k\u00fcld\u00f6tteinek jog\u00e1ll\u00e1sa azonos, a k\u00fcld\u00f6ttek szavazati joggal rendelkeznek \u00e9s v\u00e1laszthat\u00f3ak.<\/p>\n<p align=\"justify\">A K\u00fcld\u00f6ttgy\u0171l\u00e9sbe a rendes tag megyei sz\u00f6vets\u00e9gek 10 tagszervezetig 2 f\u0151, 20 tagszervezetig 3 f\u0151, 30 tagegyes\u00fcletig 5 f\u0151 k\u00fcld\u00f6ttet k\u00fcldenek. Azok az egyes\u00fcletek, amelyek jelenleg nem tartoznak \u00f6n\u00e1ll\u00f3an nyilv\u00e1ntart\u00e1sba vett megyei sz\u00f6vets\u00e9gbe megy\u00e9nk\u00e9nt \u00f6sszesen 2 f\u0151 k\u00fcld\u00f6ttet deleg\u00e1lnak. A k\u00fcld\u00f6tteket a megyei k\u00f6zgy\u0171l\u00e9s v\u00e1lasztja a tagszervezetek javaslatai alapj\u00e1n. Az Eln\u00f6ks\u00e9g \u00e9s a Fel\u00fcgyel\u0151 Bizotts\u00e1g tagjai k\u00fcld\u00f6ttk\u00e9nt vesznek r\u00e9szt a k\u00fcld\u00f6ttgy\u0171l\u00e9s munk\u00e1j\u00e1ban.<\/p>\n<p align=\"justify\">A k\u00fcld\u00f6ttek mand\u00e1tuma azonos ideig hat\u00e1lyos a K\u00fcld\u00f6ttgy\u0171l\u00e9s mand\u00e1tum\u00e1val, azaz \u00f6t \u00e9vre sz\u00f3l, a megsz\u0171nt mand\u00e1tum p\u00f3tl\u00e1s\u00e1r\u00f3l a k\u00fcld\u00f6tt\u00e1ll\u00edt\u00f3 szervezet gondoskodik.<\/p>\n<p align=\"justify\">A TESZ p\u00e1rtol\u00f3 tagjainak k\u00e9pvisel\u0151i tan\u00e1cskoz\u00e1si joggal vehetnek r\u00e9szt a K\u00fcld\u00f6ttgy\u0171l\u00e9s munk\u00e1j\u00e1ban.<\/p>\n<p align=\"justify\">25. A K\u00fcld\u00f6ttgy\u0171l\u00e9s rendes \u00fcl\u00e9s\u00e9t \u00e9vente legal\u00e1bb egy alkalommal \u00f6ssze kell h\u00edvni.<\/p>\n<p align=\"justify\">Az \u00fcl\u00e9st az Eln\u00f6ks\u00e9g nev\u00e9ben az Eln\u00f6k vagy akad\u00e1lyoztat\u00e1sa eset\u00e9n az Aleln\u00f6k h\u00edvja \u00f6ssze. Az \u00fcl\u00e9sre sz\u00f3l\u00f3 megh\u00edv\u00f3t az \u00fcl\u00e9s id\u0151pontja el\u0151tt legal\u00e1bb 15 nappal kor\u00e1bban kell megk\u00fcldeni. A megh\u00edv\u00f3nak tartalmaznia kell az al\u00e1bbiakat:<\/p>\n<p>a) az egyes\u00fclet nev\u00e9t \u00e9s sz\u00e9khely\u00e9t;<\/p>\n<p>b) az \u00fcl\u00e9s idej\u00e9nek \u00e9s helysz\u00edn\u00e9nek megjel\u00f6l\u00e9s\u00e9t;<\/p>\n<p>c) az \u00fcl\u00e9s napirendj\u00e9t;<\/p>\n<p>d) azt a figyelmeztet\u00e9st, hogy a megism\u00e9telt k\u00f6zgy\u0171l\u00e9s az \u00edr\u00e1sban k\u00f6z\u00f6lt napirendi pontok tekintet\u00e9ben a megjelent tagok sz\u00e1m\u00e1t\u00f3l f\u00fcggetlen\u00fcl hat\u00e1rozatk\u00e9pest. A k\u00fcld\u00f6ttgy\u0171l\u00e9s \u00f6sszegh\u00edv\u00e1s\u00e1ra ir\u00e1nyul\u00f3 megh\u00edv\u00f3ban megjel\u00f6lhet\u0151 a megism\u00e9telt k\u00f6zgy\u0171l\u00e9s napja is.<\/p>\n<p>e) A meghi\u00fasult k\u00fcld\u00f6ttgy\u0171l\u00e9s \u00e9s a megism\u00e9telt k\u00f6zgy\u0171l\u00e9s k\u00f6z\u00f6tt legal\u00e1bb 15 napnak kell eltelnie.<\/p>\n<p>f) A napirendet a megh\u00edv\u00f3ban olyan r\u00e9szletess\u00e9ggel kell felt\u00fcntetni, hogy a szavaz\u00e1sra jogosultak a t\u00e1rgyalni k\u00edv\u00e1nt t\u00e9mak\u00f6r\u00f6kben \u00e1ll\u00e1spontjukat kialak\u00edthass\u00e1k.<\/p>\n<p>g) Az egyes\u00fclet a k\u00fcld\u00f6ttgy\u0171l\u00e9s \u00fcl\u00e9s\u00e9t a sz\u00e9khely\u00e9n vagy a tagok t\u00f6bbs\u00e9g\u00e9nek el\u0151zetes j\u00f3v\u00e1hagy\u00e1s\u00e1val meghat\u00e1rozott m\u00e1s helyen tartja.<\/p>\n<p>A) Ha a k\u00fcld\u00f6ttgy\u0171l\u00e9st nem szab\u00e1lyszer\u0171en h\u00edvt\u00e1k \u00f6ssze, azt akkor lehet megtartani, ha az \u00fcl\u00e9sen valamennyi r\u00e9szv\u00e9telre jogosult jelen van, \u00e9s egyhang\u00falag hozz\u00e1j\u00e1rul az \u00fcl\u00e9s megtart\u00e1s\u00e1hoz.<\/p>\n<p>B) A k\u00fcld\u00f6ttgy\u0171l\u00e9sen a szab\u00e1lyszer\u0171en k\u00f6z\u00f6lt napirenden szerepl\u0151 k\u00e9rd\u00e9sben hozhat\u00f3 hat\u00e1rozat, kiv\u00e9ve, ha valamennyi r\u00e9szv\u00e9telre jogosult jelen van \u00e9s a napirenden nem szerepl\u0151 k\u00e9rd\u00e9s megt\u00e1rgyal\u00e1s\u00e1hoz egyhang\u00falag hozz\u00e1j\u00e1rul.<\/p>\n<p>C) A k\u00fcld\u00f6ttgy\u0171l\u00e9st a Eln\u00f6ke, akad\u00e1lyoztat\u00e1sa eset\u00e9n az Aleln\u00f6k vagy az eln\u00f6ks\u00e9g \u00e1ltal felk\u00e9rt eln\u00f6ks\u00e9gi tag vezeti.<\/p>\n<p>D) A k\u00fcld\u00f6ttgy\u0171l\u00e9si tiszts\u00e9gvisel\u0151, a levezet\u0151 eln\u00f6k, a szavazatsz\u00e1ml\u00e1l\u00f3k, a fel\u00fcgyel\u0151bizotts\u00e1gi tagok illetve m\u00e1s szem\u00e9ly megv\u00e1laszt\u00e1s\u00e1ra b\u00e1rmelyik egyes\u00fcleti tag javaslatot tehet. A k\u00fcld\u00f6ttgy\u0171l\u00e9si tiszts\u00e9gvisel\u0151k, a levezet\u0151 eln\u00f6k, a szavazatsz\u00e1ml\u00e1l\u00f3k megv\u00e1laszt\u00e1s\u00e1r\u00f3l a k\u00fcld\u00f6ttgy\u0171l\u00e9s a szavazati joggal rendelkez\u0151 tagok sz\u00f3t\u00f6bbs\u00e9g\u00e9vel hat\u00e1roz.<\/p>\n<p>E) A k\u00fcld\u00f6ttgy\u0171l\u00e9s hat\u00e1rozatk\u00e9pes, ha a szavazati joggal rendelkez\u0151 tagok t\u00f6bb mint fele jelen van, hat\u00e1rozatait ny\u00edlt szavaz\u00e1ssal hozza. B\u00e1rmelyik tag ind\u00edtv\u00e1ny\u00e1ra a k\u00fcld\u00f6ttgy\u0171l\u00e9s \u00fagy hat\u00e1rozhat, hogy a megjel\u00f6lt napirenddel kapcsolatban titkos szavaz\u00e1ssal hat\u00e1roz. Ha egy tag valamely \u00fcgyben nem szavazhat, \u0151t az adott hat\u00e1rozat meghozatal\u00e1n\u00e1l a hat\u00e1rozatk\u00e9pess\u00e9g meg\u00e1llap\u00edt\u00e1sa sor\u00e1n figyelmen k\u00edv\u00fcl kell hagyni.<\/p>\n<p>F) A hat\u00e1rozat meghozatalakor nem szavazhat az, a) akit a hat\u00e1rozat k\u00f6telezetts\u00e9g vagy felel\u0151ss\u00e9g al\u00f3l mentes\u00edt vagy a jogi szem\u00e9ly terh\u00e9re m\u00e1sfajta el\u0151nyben r\u00e9szes\u00edt; b) akivel a hat\u00e1rozat szerint szerz\u0151d\u00e9st kell k\u00f6tni; c) aki ellen a hat\u00e1rozat alapj\u00e1n pert kell ind\u00edtani; d) akinek olyan hozz\u00e1tartoz\u00f3ja \u00e9rdekelt a d\u00f6nt\u00e9sben, aki a jogi szem\u00e9lynek nem tagja vagy alap\u00edt\u00f3ja; e) aki a d\u00f6nt\u00e9sben \u00e9rdekelt m\u00e1s szervezettel t\u00f6bbs\u00e9gi befoly\u00e1son alapul\u00f3 kapcsolatban \u00e1ll; vagy f) aki egy\u00e9bk\u00e9nt szem\u00e9lyesen \u00e9rdekelt a d\u00f6nt\u00e9sben.<\/p>\n<p align=\"justify\">G) A tagok hat\u00e1rozatukat a hat\u00e1rozatk\u00e9pess\u00e9g meg\u00e1llap\u00edt\u00e1s\u00e1n\u00e1l figyelembe vett szavazatok t\u00f6bbs\u00e9g\u00e9vel hozz\u00e1k meg. Ha a Ptk egyszer\u0171 vagy azt meghalad\u00f3 sz\u00f3t\u00f6bbs\u00e9get \u00edr el\u0151 a hat\u00e1rozat meghozatal\u00e1hoz, a jelen alapszab\u00e1ly egyszer\u0171 sz\u00f3t\u00f6bbs\u00e9gn\u00e9l alacsonyabb hat\u00e1rozathozatali ar\u00e1nyt el\u0151\u00edr\u00f3 rendelkez\u00e9se semmis. Ha a Ptk egyhang\u00fas\u00e1got \u00edr el\u0151 a hat\u00e1rozat meghozatal\u00e1hoz, az alapszab\u00e1ly ett\u0151l elt\u00e9r\u0151 rendelkez\u00e9se semmis.<\/p>\n<p>H) A k\u00fcld\u00f6ttgy\u0171l\u00e9sen hozott hat\u00e1rozatokat a szavazatsz\u00e1ml\u00e1l\u00f3k jelent\u00e9se alapj\u00e1n a levezet\u0151 eln\u00f6k sz\u00f3ban kihirdeti.<\/p>\n<p align=\"justify\">I) A k\u00fcld\u00f6ttgy\u0171l\u00e9sr\u0151l jegyz\u0151k\u00f6nyvet kell felvenni. A jegyz\u0151k\u00f6nyvben meg kell jel\u00f6lni a k\u00fcld\u00f6ttgy\u0171l\u00e9s hely\u00e9t, idej\u00e9t, tov\u00e1bb\u00e1 a jelenl\u00e9ti \u00edvre utal\u00e1ssal fel kell sorolni a k\u00f6zgy\u0171l\u00e9sen megjelent szem\u00e9lyeket. A jegyz\u0151k\u00f6nyvben fel kell t\u00fcntetni a javasolt illetve elfogadott napirendet, az egyes napirendi pontokkal kapcsolatban hozott hat\u00e1rozatokat. A jegyz\u0151k\u00f6nyvet a k\u00f6zgy\u0171l\u00e9s eln\u00f6ke, a jegyz\u0151k\u00f6nyvvezet\u0151nek megv\u00e1lasztott szem\u00e9ly \u00e9s a k\u00fcld\u00f6ttgy\u0171l\u00e9s tagjai k\u00f6z\u00fcl v\u00e1lasztott hiteles\u00edt\u0151 al\u00e1\u00edr\u00e1s\u00e1val hiteles\u00edti.<\/p>\n<p align=\"justify\">A rendes tagok egyharmad\u00e1nak \u00edr\u00e1sbeli ind\u00edtv\u00e1ny\u00e1ra &#8211; ok \u00e9s s\u00fcrg\u0151ss\u00e9gi indokl\u00e1ssal &#8211; a K\u00fcld\u00f6ttgy\u0171l\u00e9st 30 napon bel\u00fcl \u00f6ssze kell h\u00edvni. A Fel\u00fcgyel\u0151 Bizotts\u00e1g egyhang\u00fa d\u00f6nt\u00e9se alapj\u00e1n, a sz\u00f6vets\u00e9g gazd\u00e1lkod\u00e1s\u00e1val \u00f6sszef\u00fcgg\u0151 rendk\u00edv\u00fcli esem\u00e9nyre (pl: fizet\u00e9sk\u00e9ptelens\u00e9g) tekintettel 30 napon bel\u00fcl \u00f6ssze kell h\u00edvni a K\u00fcld\u00f6ttgy\u0171l\u00e9s rendk\u00edv\u00fcli \u00fcl\u00e9s\u00e9t.<\/p>\n<p>26. A K\u00fcld\u00f6ttgy\u0171l\u00e9s hat\u00e1rozathozatala<\/p>\n<p align=\"justify\">Az Egyes\u00fclet alapszab\u00e1ly\u00e1nak m\u00f3dos\u00edt\u00e1s\u00e1hoz a jelen l\u00e9v\u0151 tagok h\u00e1romnegyedes sz\u00f3t\u00f6bbs\u00e9ggel hozott hat\u00e1rozata sz\u00fcks\u00e9ges.<\/p>\n<p align=\"justify\">Az Egyes\u00fclet c\u00e9lj\u00e1nak m\u00f3dos\u00edt\u00e1s\u00e1hoz \u00e9s az Egyes\u00fclet megsz\u0171n\u00e9s\u00e9r\u0151l sz\u00f3l\u00f3 k\u00f6zgy\u0171l\u00e9si d\u00f6nt\u00e9shez a szavazati joggal rendelkez\u0151 tagok h\u00e1romnegyedes sz\u00f3t\u00f6bbs\u00e9ggel hozott hat\u00e1rozata sz\u00fcks\u00e9ges.<\/p>\n<p align=\"justify\">Mindazokban az \u00fcgyekben, amelyekben a hat\u00e1rozathozatalhoz nem sz\u00fcks\u00e9ges a jelenl\u00e9v\u0151 tagok vagy a szavazati joggal rendelkez\u0151 tagok h\u00e1romnegyedes sz\u00f3t\u00f6bbs\u00e9ggel hozott hat\u00e1rozata, a k\u00f6zgy\u0171l\u00e9s a hat\u00e1rozatait a jelenl\u00e9v\u0151 tagok egyszer\u0171 sz\u00f3t\u00f6bbs\u00e9g\u00e9vel hozza meg.<\/p>\n<p align=\"justify\">Az Eln\u00f6ks\u00e9g a K\u00fcld\u00f6ttgy\u0171l\u00e9s hat\u00e1rozatk\u00e9pess\u00e9g\u00e9nek vizsg\u00e1lat\u00e1ra 3 tag\u00fa Mand\u00e1tumvizsg\u00e1l\u00f3 Bizotts\u00e1got b\u00edz meg, az \u00f6sszeh\u00edv\u00e1s eld\u00f6nt\u00e9s\u00e9vel egy id\u0151ben.<\/p>\n<p align=\"justify\">27. A K\u00fcld\u00f6ttgy\u0171l\u00e9s a TESZ k\u00e9pviseleti \u00e9s \u00fcgyint\u00e9z\u0151 szerv\u00e9t, bele\u00e9rtve a tiszts\u00e9gvisel\u0151ket az Eln\u00f6ks\u00e9get \u00e9s a Fel\u00fcgyel\u0151 Bizotts\u00e1got ny\u00edlt szavaz\u00e1ssal, egyszer\u0171 sz\u00f3t\u00f6bbs\u00e9ggel v\u00e1lasztja meg, egyenl\u0151 sz\u00e1m\u00fa szavazat eset\u00e9n az ind\u00edtv\u00e1nyt elutas\u00edtottnak kell tekinteni. Az \u00fcl\u00e9sen jelenl\u00e9v\u0151k egyharmad\u00e1nak javaslat\u00e1ra titkos szavaz\u00e1st kell elrendelni.<\/p>\n<p style=\"text-align: left;\" align=\"center\">\n<p style=\"text-align: left;\" align=\"center\">VIII.<\/p>\n<p style=\"text-align: left;\" align=\"justify\">\n<p style=\"text-align: left;\" align=\"justify\">AZ ELN\u00d6KS\u00c9G<\/p>\n<p style=\"text-align: left;\" align=\"justify\">\n<p align=\"justify\">28. Az Eln\u00f6ks\u00e9g a TESZ k\u00e9pviseleti, \u00fcgyint\u00e9z\u0151 szerve, operat\u00edv vezet\u0151test\u00fclete.<\/p>\n<p align=\"justify\">29. Az Eln\u00f6ks\u00e9g (h\u00e9t f\u0151) tagjait &#8211; k\u00f6zt\u00fck az Eln\u00f6k\u00f6t \u00e9s az Aleln\u00f6k\u00f6t a K\u00fcld\u00f6ttgy\u0171l\u00e9s v\u00e1lasztja a szavazati jog\u00fa k\u00fcld\u00f6ttek k\u00f6z\u00fcl, \u00f6t \u00e9v id\u0151tartamra.<\/p>\n<p align=\"justify\">30. Az Eln\u00f6ks\u00e9g akkor hat\u00e1rozatk\u00e9pes, ha \u00fcl\u00e9sein legal\u00e1bb \u00f6t f\u0151 jelen van. Az Eln\u00f6ks\u00e9g sz\u00fcks\u00e9g szerint, de legal\u00e1bb k\u00e9thavonta \u00fcl\u00e9sezik. D\u00f6nt\u00e9seit egyszer\u0171 sz\u00f3t\u00f6bbs\u00e9ggel, ny\u00edlt szavaz\u00e1ssal hozza, egyenl\u0151 szavazat eset\u00e9n az ind\u00edtv\u00e1nyt elutas\u00edtottnak kell tekinteni. Az Eln\u00f6ks\u00e9g \u00fcl\u00e9seir\u0151l jegyz\u0151k\u00f6nyvet kell k\u00e9sz\u00edteni.<\/p>\n<p align=\"justify\">31. Az Eln\u00f6ks\u00e9g feladata: a) az egyes\u00fclet napi \u00fcgyeinek vitele, az \u00fcgyvezet\u00e9s hat\u00e1sk\u00f6r\u00e9be tartoz\u00f3 \u00fcgyekben a d\u00f6nt\u00e9sek meghozatala; b) a besz\u00e1mol\u00f3k el\u0151k\u00e9sz\u00edt\u00e9se \u00e9s azoknak a k\u00f6zgy\u0171l\u00e9s el\u00e9 terjeszt\u00e9se; c) az \u00e9ves k\u00f6lts\u00e9gvet\u00e9s elk\u00e9sz\u00edt\u00e9se \u00e9s annak a k\u00f6zgy\u0171l\u00e9s el\u00e9 terjeszt\u00e9se; d) az egyes\u00fcleti vagyon kezel\u00e9se, a vagyon felhaszn\u00e1l\u00e1s\u00e1ra \u00e9s befektet\u00e9s\u00e9re vonatkoz\u00f3, a k\u00f6zgy\u0171l\u00e9s hat\u00e1sk\u00f6r\u00e9be nem tartoz\u00f3 d\u00f6nt\u00e9sek meghozatala \u00e9s v\u00e9grehajt\u00e1sa; e) az egyes\u00fclet jogszab\u00e1ly \u00e9s az alapszab\u00e1ly szerinti szervei megalak\u00edt\u00e1s\u00e1nak \u00e9s a tiszts\u00e9gvisel\u0151k megv\u00e1lasztat\u00e1s\u00e1nak el\u0151k\u00e9sz\u00edt\u00e9se; f) a k\u00f6zgy\u0171l\u00e9s \u00f6sszeh\u00edv\u00e1sa, a tags\u00e1g \u00e9s az egyes\u00fclet szerveinek \u00e9rtes\u00edt\u00e9se; g) az \u00fcgyvezet\u0151 szerv \u00e1ltal \u00f6sszeh\u00edvott k\u00f6zgy\u0171l\u00e9s napirendi pontjainak meghat\u00e1roz\u00e1sa; h) r\u00e9szv\u00e9tel a k\u00f6zgy\u0171l\u00e9sen \u00e9s v\u00e1laszad\u00e1s az egyes\u00fclettel kapcsolatos k\u00e9rd\u00e9sekre; i) a tags\u00e1g nyilv\u00e1ntart\u00e1sa; j) az egyes\u00fclet hat\u00e1rozatainak, szervezeti okiratainak \u00e9s egy\u00e9b k\u00f6nyveinek vezet\u00e9se; k) az egyes\u00fclet m\u0171k\u00f6d\u00e9s\u00e9vel kapcsolatos iratok meg\u0151rz\u00e9se; l) az egyes\u00fcletet \u00e9rint\u0151 megsz\u0171n\u00e9si ok fenn\u00e1ll\u00e1s\u00e1nak mindenkori vizsg\u00e1lata \u00e9s annak bek\u00f6vetkezte eset\u00e9n az e t\u00f6rv\u00e9nyben el\u0151\u00edrt int\u00e9zked\u00e9sek megt\u00e9tele; \u00e9s<\/p>\n<p align=\"justify\">m) az alapszab\u00e1ly felhatalmaz\u00e1sa alapj\u00e1n a tag felv\u00e9tel\u00e9r\u0151l val\u00f3 d\u00f6nt\u00e9s.<\/p>\n<p>32. A vezet\u0151 tiszts\u00e9gvisel\u0151vel szembeni k\u00f6vetelm\u00e9nyek \u00e9s kiz\u00e1r\u00f3 okok<\/p>\n<p align=\"justify\">a. Vezet\u0151 tiszts\u00e9gvisel\u0151 az a nagykor\u00fa szem\u00e9ly lehet, akinek cselekv\u0151k\u00e9pess\u00e9g\u00e9t a tev\u00e9kenys\u00e9ge ell\u00e1t\u00e1s\u00e1hoz sz\u00fcks\u00e9ges k\u00f6rben nem korl\u00e1tozt\u00e1k.<\/p>\n<p align=\"justify\">b. A vezet\u0151 tiszts\u00e9gvisel\u0151 \u00fcgyvezet\u00e9si feladatait szem\u00e9lyesen k\u00f6teles ell\u00e1tni.<\/p>\n<p align=\"justify\">c. Nem lehet vezet\u0151 tiszts\u00e9gvisel\u0151 az, akit b\u0171ncselekm\u00e9ny elk\u00f6vet\u00e9se miatt joger\u0151sen szabads\u00e1gveszt\u00e9s b\u00fcntet\u00e9sre \u00edt\u00e9ltek, am\u00edg a b\u00fcntetett el\u0151\u00e9lethez f\u0171z\u0151d\u0151 h\u00e1tr\u00e1nyos k\u00f6vetkezm\u00e9nyek al\u00f3l nem mentes\u00fclt.<\/p>\n<p align=\"justify\">d. Nem lehet vezet\u0151 tiszts\u00e9gvisel\u0151 az, akit e foglalkoz\u00e1st\u00f3l joger\u0151sen eltiltottak. Akit valamely foglalkoz\u00e1st\u00f3l joger\u0151s b\u00edr\u00f3i \u00edt\u00e9lettel eltiltottak, az eltilt\u00e1s hat\u00e1lya alatt az \u00edt\u00e9letben megjel\u00f6lt tev\u00e9kenys\u00e9get folytat\u00f3 jogi szem\u00e9ly vezet\u0151 tiszts\u00e9gvisel\u0151je nem lehet.<\/p>\n<p align=\"justify\">e. Az eltilt\u00e1st kimond\u00f3 hat\u00e1rozatban megszabott id\u0151tartamig nem lehet vezet\u0151 tiszts\u00e9gvisel\u0151 az, akit eltiltottak a vezet\u0151 tiszts\u00e9gvisel\u0151i tev\u00e9kenys\u00e9gt\u0151l.<\/p>\n<p>33. Titoktart\u00e1si \u00e9s felvil\u00e1gos\u00edt\u00e1si k\u00f6telezetts\u00e9g<\/p>\n<p align=\"justify\">a. A vezet\u0151 tiszts\u00e9gvisel\u0151 az Egylet jogi tagjai, r\u00e9sz\u00e9re k\u00f6teles a jogi szem\u00e9lyre vonatkoz\u00f3an felvil\u00e1gos\u00edt\u00e1st adni, \u00e9s sz\u00e1mukra a jogi szem\u00e9lyre vonatkoz\u00f3 iratokba \u00e9s nyilv\u00e1ntart\u00e1sokba betekint\u00e9st biztos\u00edtani. A felvil\u00e1gos\u00edt\u00e1st \u00e9s az iratbetekint\u00e9st a vezet\u0151 tiszts\u00e9gvisel\u0151 a jogosult \u00e1ltal tett \u00edr\u00e1sbeli titoktart\u00e1si nyilatkozat t\u00e9tel\u00e9hez k\u00f6theti.<\/p>\n<p align=\"justify\">b. A vezet\u0151 tiszts\u00e9gvisel\u0151 megtagadhatja a felvil\u00e1gos\u00edt\u00e1st \u00e9s az iratokba val\u00f3 betekint\u00e9st, ha ez a jogi szem\u00e9ly \u00fczleti titk\u00e1t s\u00e9rten\u00e9, ha a felvil\u00e1gos\u00edt\u00e1st k\u00e9r\u0151 a jog\u00e1t vissza\u00e9l\u00e9sszer\u0171en gyakorolja, vagy felh\u00edv\u00e1s ellen\u00e9re nem tesz titoktart\u00e1si nyilatkozatot. Ha a felvil\u00e1gos\u00edt\u00e1st k\u00e9r\u0151 a felvil\u00e1gos\u00edt\u00e1s megtagad\u00e1s\u00e1t indokolatlannak tartja, a nyilv\u00e1ntart\u00f3 b\u00edr\u00f3s\u00e1gt\u00f3l k\u00e9rheti a jogi szem\u00e9ly k\u00f6telez\u00e9s\u00e9t a felvil\u00e1gos\u00edt\u00e1s megad\u00e1s\u00e1ra.<\/p>\n<p style=\"text-align: left;\" align=\"center\">\n<p style=\"text-align: left;\" align=\"center\">IX.<\/p>\n<p style=\"text-align: left;\" align=\"justify\">\n<p style=\"text-align: left;\" align=\"justify\">AZ ELN\u00d6K<\/p>\n<p align=\"justify\">\n<p align=\"justify\">34. A TESZ Eln\u00f6ke \u00f6n\u00e1ll\u00f3an, \u00e1ltal\u00e1nos hat\u00e1sk\u00f6rben k\u00e9pviseli a sz\u00f6vets\u00e9get.<\/p>\n<p align=\"justify\">35. Az Eln\u00f6k a TESZ eg\u00e9sz tev\u00e9kenys\u00e9g\u00e9nek ir\u00e1ny\u00edt\u00f3ja, c\u00e9ljainak megval\u00f3s\u00edt\u00f3ja,<\/p>\n<p align=\"justify\">megszervezi a d\u00f6nt\u00e9sek el\u0151k\u00e9sz\u00edt\u00e9s\u00e9t, meghozatal\u00e1t \u00e9s v\u00e9grehajt\u00e1s\u00e1t, \u00e9s<\/p>\n<p align=\"justify\">gondoskodik a m\u0171k\u00f6d\u00e9s szervezeti, technikai \u00e9s anyagi biztos\u00edt\u00e1s\u00e1r\u00f3l.<\/p>\n<p align=\"justify\">36. Az Eln\u00f6k hat\u00e1sk\u00f6re:<\/p>\n<p align=\"justify\">&#8211; az Eln\u00f6ks\u00e9g felhatalmaz\u00e1s\u00e1val \u00f6sszeh\u00edvja a K\u00fcld\u00f6ttgy\u0171l\u00e9st,<\/p>\n<p align=\"justify\">&#8211; vezeti az Eln\u00f6ks\u00e9g \u00fcl\u00e9seit,<\/p>\n<p align=\"justify\">&#8211; gyakorolja a munk\u00e1ltat\u00f3i jogokat,<\/p>\n<p align=\"justify\">&#8211; ir\u00e1ny\u00edtja a TESZ gazd\u00e1lkod\u00e1s\u00e1t,<\/p>\n<p align=\"justify\">&#8211; szervezi \u00e9s ir\u00e1ny\u00edtja az \u00fcgyviteli munk\u00e1t, k\u00f6zvetlen\u00fcl fel\u00fcgyeli a gazdas\u00e1gi, v\u00e1llalkoz\u00e1si tev\u00e9kenys\u00e9get,<\/p>\n<p align=\"justify\">&#8211; fel\u00fcgyeli a K\u00f6zponti Iroda \u00e9s a K\u00f6z\u00f6ss\u00e9gi H\u00e1z tev\u00e9kenys\u00e9g\u00e9t,<\/p>\n<p align=\"justify\">&#8211; az Aleln\u00f6k tev\u00e9kenys\u00e9g\u00e9nek koordin\u00e1l\u00e1sa, a munkamegoszt\u00e1s \u00e9s a helyettes\u00edt\u00e9s rendj\u00e9nek meghat\u00e1roz\u00e1sa,<\/p>\n<p align=\"justify\">&#8211; hat\u00e1sk\u00f6r\u00e9t az \u00fcgyek SZMSZ \u00e1ltal meghat\u00e1rozott csoportj\u00e1ban \u00e1truh\u00e1zhatja,<\/p>\n<p align=\"justify\">-az Eln\u00f6k akad\u00e1lyoztat\u00e1sa eset\u00e9n tev\u00e9kenys\u00e9g\u00e9t az Aleln\u00f6k v\u00e9gzi az Alapszab\u00e1lyban meghat\u00e1rozottak szerint.<\/p>\n<p align=\"justify\">\n<p align=\"justify\">X.<\/p>\n<p align=\"justify\">\n<p align=\"justify\">AZ ALELN\u00d6K<\/p>\n<p align=\"justify\">\n<p align=\"justify\">37. Az Aleln\u00f6k hat\u00e1sk\u00f6re:<\/p>\n<p align=\"justify\">&#8211; ell\u00e1tja az Eln\u00f6k t\u00e1voll\u00e9t\u00e9ben, ill. tart\u00f3s akad\u00e1lyoztat\u00e1sa eset\u00e9n az al\u00e1bbi eln\u00f6ki hat\u00e1sk\u00f6rt:<\/p>\n<p align=\"justify\">&#8211; az Eln\u00f6ks\u00e9g felhatalmaz\u00e1s\u00e1val \u00f6sszeh\u00edvja a K\u00fcld\u00f6ttgy\u0171l\u00e9st,<\/p>\n<p align=\"justify\">&#8211; vezeti az Eln\u00f6ks\u00e9g \u00fcl\u00e9seit,<\/p>\n<p align=\"justify\">&#8211; gyakorolja a munk\u00e1ltat\u00f3i jogokat,<\/p>\n<p align=\"justify\">&#8211; ir\u00e1ny\u00edtja a TESZ gazd\u00e1lkod\u00e1s\u00e1t,<\/p>\n<p align=\"justify\">&#8211; szervezi \u00e9s ir\u00e1ny\u00edtja az \u00fcgyviteli munk\u00e1t, k\u00f6zvetlen\u00fcl fel\u00fcgyeli a gazdas\u00e1gi, v\u00e1llalkoz\u00e1si tev\u00e9kenys\u00e9get,<\/p>\n<p align=\"justify\">&#8211; fel\u00fcgyeli a K\u00f6zponti Iroda \u00e9s a K\u00f6z\u00f6ss\u00e9gi H\u00e1z tev\u00e9kenys\u00e9g\u00e9t.<\/p>\n<p align=\"justify\">38. Az Aleln\u00f6k feladatai:<\/p>\n<p align=\"justify\">&#8211; rendszeresen besz\u00e1mol tev\u00e9kenys\u00e9g\u00e9r\u0151l az Eln\u00f6knek \u00e9s az Eln\u00f6ks\u00e9gnek,<\/p>\n<p align=\"justify\">&#8211; szervezi a szak\u00e9rt\u0151k munk\u00e1j\u00e1t, a K\u00fcld\u00f6ttgy\u0171l\u00e9s illetve az Eln\u00f6ks\u00e9g felhatalmaz\u00e1s\u00e1val vizsg\u00e1l\u00f3 bizotts\u00e1got vezet,<\/p>\n<p align=\"justify\">&#8211; rendszeresen tartja a kapcsolatot a TESZ tagszervezeteivel \u00e9s a megyei sz\u00f6vets\u00e9gekkel.<\/p>\n<p align=\"justify\">&#8211; az Eln\u00f6kkel munkamegoszt\u00e1sban gondoskodik az Eln\u00f6ks\u00e9g hat\u00e1rozatainak v\u00e9grehajt\u00e1s\u00e1r\u00f3l.<\/p>\n<p align=\"justify\">\n<p align=\"justify\">XI.<\/p>\n<p align=\"justify\">\n<p align=\"justify\">A FEL\u00dcGYEL\u0150 BIZOTTS\u00c1G<\/p>\n<p align=\"justify\">\n<p align=\"justify\">39. A Fel\u00fcgyel\u0151 Bizotts\u00e1g figyelemmel k\u00eds\u00e9ri \u00e9s ellen\u0151rzi a TESZ vezet\u0151test\u00fcleteinek, a ter\u00fcleti szervezeteknek \u00e9s a tagszervezeteknek a TESZ Alapszab\u00e1ly\u00e1nak megfelel\u0151 m\u0171k\u00f6d\u00e9s\u00e9t, a gazd\u00e1lkod\u00e1s t\u00f6rv\u00e9nyess\u00e9g\u00e9t.<\/p>\n<p align=\"justify\">40. A Fel\u00fcgyel\u0151 Bizotts\u00e1g ( a tov\u00e1bbiakban: FB ) h\u00e1rom tagj\u00e1t, k\u00f6zt\u00fck az eln\u00f6k\u00f6t a K\u00fcld\u00f6ttgy\u0171l\u00e9s a szavazati jog\u00fa k\u00fcld\u00f6ttek k\u00f6z\u00fcl v\u00e1lasztja, \u00f6t \u00e9vre.<\/p>\n<p align=\"justify\">41. Az FB k\u00f6zvetlen int\u00e9zked\u00e9si joggal nem rendelkezik. Meg\u00e1llap\u00edt\u00e1sair\u00f3l \u00e9s javaslatair\u00f3l az illet\u00e9kes vezet\u0151test\u00fcletet t\u00e1j\u00e9koztatja, ill. int\u00e9zked\u00e9si ind\u00edtv\u00e1nnyal \u00e9l. Jogosult a sz\u00f6vets\u00e9g tagszervezeteinek dokumentumaiba betekinteni \u00e9s felk\u00e9r\u00e9sre vizsg\u00e1latot folytatni.<\/p>\n<p align=\"justify\">Az FB Eln\u00f6ke tan\u00e1cskoz\u00e1si joggal vesz r\u00e9szt az Eln\u00f6ks\u00e9g \u00fcl\u00e9sein.<\/p>\n<p align=\"justify\">\u00a0A fel\u00fcgyel\u0151bizotts\u00e1g tagja az a nagykor\u00fa szem\u00e9ly lehet, akinek cselekv\u0151k\u00e9pess\u00e9g\u00e9t a tev\u00e9kenys\u00e9ge ell\u00e1t\u00e1s\u00e1hoz sz\u00fcks\u00e9ges k\u00f6rben nem korl\u00e1tozt\u00e1k. Nem lehet a fel\u00fcgyel\u0151bizotts\u00e1g tagja, akivel szemben a vezet\u0151 tiszts\u00e9gvisel\u0151kre vonatkoz\u00f3 kiz\u00e1r\u00f3 ok \u00e1ll fenn, tov\u00e1bb\u00e1 aki vagy akinek a hozz\u00e1tartoz\u00f3ja a jogi szem\u00e9ly vezet\u0151 tiszts\u00e9gvisel\u0151je.<\/p>\n<p align=\"justify\">(3) A fel\u00fcgyel\u0151bizotts\u00e1g tagjai a fel\u00fcgyel\u0151bizotts\u00e1g munk\u00e1j\u00e1ban szem\u00e9lyesen k\u00f6telesek r\u00e9szt venni. A fel\u00fcgyel\u0151bizotts\u00e1g tagjai a jogi szem\u00e9ly \u00fcgyvezet\u00e9s\u00e9t\u0151l f\u00fcggetlenek, tev\u00e9kenys\u00e9g\u00fck sor\u00e1n nem utas\u00edthat\u00f3ak.<\/p>\n<p align=\"justify\">42. Az FB saj\u00e1t munk\u00e1j\u00e1r\u00f3l t\u00e1j\u00e9koztat\u00e1st ad az Eln\u00f6ks\u00e9gnek.<\/p>\n<p align=\"justify\">43. Az FB kiz\u00e1r\u00f3lag az K\u00fcld\u00f6ttgy\u0171l\u00e9snek tartozik felel\u0151ss\u00e9ggel \u00e9s besz\u00e1mol\u00e1si k\u00f6telezetts\u00e9ggel.<\/p>\n<p align=\"justify\">44. Az FB \u00fcl\u00e9seit sz\u00fcks\u00e9g szerint, de legal\u00e1bb negyed\u00e9venk\u00e9nt tartja. Az \u00fcl\u00e9st az FB Eln\u00f6ke h\u00edvja \u00f6ssze \u00e9s vezeti, az \u00fcl\u00e9s akkor hat\u00e1rozatk\u00e9pes, ha mindh\u00e1rom tag jelen van, az FB hat\u00e1rozatait egyszer\u0171 sz\u00f3t\u00f6bbs\u00e9ggel hozza meg.<\/p>\n<p align=\"center\">\n<p style=\"text-align: left;\" align=\"center\">XII.<\/p>\n<p style=\"text-align: left;\" align=\"justify\">\n<p style=\"text-align: left;\" align=\"justify\">A GAZD\u00c1LKOD\u00c1S \u00c9S A VAGYON<\/p>\n<p style=\"text-align: left;\" align=\"justify\">\n<p align=\"justify\">45. A TESZ non-profit szervezet, nem nyeres\u00e9g\u00e9rdekelts\u00e9g\u0171. C\u00e9ljai el\u00e9r\u00e9se \u00e9rdek\u00e9ben &#8211; kieg\u00e9sz\u00edt\u0151 jelleggel &#8211; gazdas\u00e1gi-v\u00e1llalkoz\u00e1si tev\u00e9kenys\u00e9get folytathat.<\/p>\n<p align=\"justify\">46. A TESZ saj\u00e1t vagyon\u00e1val felel tartoz\u00e1sai\u00e9rt, tagjai tartoz\u00e1sai\u00e9rt nem felel. A tagok abban az esetben felelnek a TESZ tartoz\u00e1sai\u00e9rt, amennyiben bizony\u00edthat\u00f3an maguk okozt\u00e1k a tartoz\u00e1st.<\/p>\n<p align=\"justify\">47. A TESZ vagyon\u00e1t \u00e9s vagyoni jogosults\u00e1g\u00e1t, mint osztatlan k\u00f6z\u00f6ss\u00e9gi vagyont k\u00e9pezi az 1990. \u00e9vben, a F\u0151v\u00e1rosi B\u00edr\u00f3s\u00e1g \u00e1ltali bejegyz\u00e9s id\u0151szak\u00e1ban megl\u00e9v\u0151, ill. az az\u00f3ta jogosults\u00e1gba ker\u00fclt ing\u00f3 \u00e9s ingatlan \u00e9rt\u00e9kek, t\u00e1rgyi, dologi eszk\u00f6z\u00f6k, vagyon\u00e9rt\u00e9k\u0171 jogok. A jogi helyzetb\u0151l ad\u00f3d\u00f3 jogosults\u00e1gok, ing\u00f3 \u00e9s ingatlan \u00e9rt\u00e9kek, a munkaeszk\u00f6z\u00f6k, ill. az ezekb\u0151l sz\u00e1rmaz\u00f3 el\u0151ny\u00f6k \u00e9s lehet\u0151s\u00e9gek egys\u00e9ges vagyoni \u00e9rt\u00e9ket alkotnak \u00e9s oszthatatlanok.<\/p>\n<p align=\"justify\">A TESZ minden vagyoni jogosults\u00e1g\u00e1nak \u00e9rv\u00e9nyes\u00edt\u00e9se, az Eln\u00f6ks\u00e9g feladata \u00e9s k\u00f6telezetts\u00e9ge, a vagyon kezel\u0151je az Eln\u00f6ks\u00e9g. A vagyonkezel\u00e9sr\u0151l, a vagyon feletti rendelkez\u00e9sr\u0151l az Eln\u00f6ks\u00e9g besz\u00e1mol\u00e1ssal tartozik a K\u00fcld\u00f6ttgy\u0171l\u00e9snek.<\/p>\n<p align=\"justify\">48. A TESZ vagyon\u00e1t k\u00e9pezi &#8211; megl\u00e9v\u0151 vagyon\u00e1n t\u00fal &#8211; az \u00e1llami, ill. p\u00e1ly\u00e1zati t\u00e1mogat\u00e1s, a tagd\u00edjbev\u00e9tel, saj\u00e1t gazd\u00e1lkod\u00e1s\u00e1nak eredm\u00e9nye, valamint b\u00e1rmely szervezet, vagy szem\u00e9ly \u00e1ltal, ing\u00f3 \u00e9s ingatlan \u00e1truh\u00e1z\u00e1sa, p\u00e9nzbeni juttat\u00e1sa.<\/p>\n<p align=\"justify\">49. A tagd\u00edj m\u00e9rt\u00e9k\u00e9t \u00e9vente a K\u00fcld\u00f6ttgy\u0171l\u00e9s hat\u00e1rozza meg.<\/p>\n<p align=\"justify\">50. A gazd\u00e1lkod\u00e1s rendj\u00e9t \u00e9s m\u00f3dj\u00e1t a K\u00fcld\u00f6ttgy\u0171l\u00e9s \u00e1ltal j\u00f3v\u00e1hagyott SZMSZ tartalmazza. A TESZ napt\u00e1ri \u00e9venk\u00e9nt elfogadott k\u00f6lts\u00e9gvet\u00e9s szerint gazd\u00e1lkodik, a vagyonm\u0171k\u00f6dtet\u00e9s eredm\u00e9nyeit a szervezeti \u00e9let fejleszt\u00e9s\u00e9re ford\u00edtja.<\/p>\n<p align=\"justify\">\n<p align=\"justify\">XIII.<\/p>\n<p align=\"justify\">\n<p align=\"justify\">Z\u00c1R\u00d3 RENDELKEZ\u00c9SEK<\/p>\n<p align=\"justify\">\n<p align=\"justify\">51. Az Alapszab\u00e1lyban nem szab\u00e1lyozottakra vonatkoz\u00f3an a Polg\u00e1ri T\u00f6rv\u00e9nyk\u00f6nyvr\u0151l sz\u00f3l\u00f3 2013. \u00e9vi V. t\u00f6rv\u00e9ny, az egyes\u00fcl\u00e9si jogr\u00f3l, a k\u00f6zhaszn\u00fa jog\u00e1ll\u00e1sr\u00f3l, valamint a civil szervezetek m\u0171k\u00f6d\u00e9s\u00e9r\u0151l \u00e9s t\u00e1mogat\u00e1s\u00e1r\u00f3l sz\u00f3l\u00f3 2011. \u00e9vi CLXXV. t\u00f6rv\u00e9ny<\/p>\n<p align=\"justify\">\u00e9s az SZMSZ rendelkez\u00e9sei alkalmazand\u00f3k.<\/p>\n<p align=\"justify\">52. Jelen m\u00f3dos\u00edtott Alapszab\u00e1lyt a 2016. szeptember 10. napj\u00e1n megtartott K\u00fcld\u00f6ttgy\u00fcl\u00e9s fogadta el, \u00e9s ezzel a TESZ kor\u00e1bbi Alapszab\u00e1ly\u00e1t egyidej\u0171leg hat\u00e1lyon k\u00edv\u00fcl helyezte.<\/p>\n<p align=\"justify\">\n<p align=\"justify\">Budapest, 2016. janu\u00e1r 23.<\/p>\n<p align=\"justify\">\n<p align=\"justify\">\n<p align=\"justify\">Moln\u00e1r Gy\u00f6rgy<br \/>\neln\u00f6k<\/p>\n<p align=\"justify\">T\u00e1rsadalmi Egyes\u00fcl\u00e9sek Orsz\u00e1gos Sz\u00f6vets\u00e9ge (TESZ)<br \/>\nConfederation of Social Associations<\/p>\n<p align=\"justify\">Orsz\u00e1gos Eln\u00f6ks\u00e9g<br \/>\n1093. Budapest, M\u00e1ty\u00e1s utca 15. fsz.1.<br \/>\nTelefon: 06-1-952-08-71<br \/>\nE-mail: teszbp1@gmail.com<\/p>\n<p align=\"justify\">\n","protected":false},"excerpt":{"rendered":"<p>T \u00c1 R S A D A L M I\u00a0 \u00a0 \u00a0E G Y E S \u00dc L \u00c9 S E K\u00a0 \u00a0 \u00a0O R S Z \u00c1 G O S S Z \u00d6 V E T S \u00c9 G E A L A P S Z A B \u00c1 L Y 2016. I. \u00c1LTAL\u00c1NOS &hellip; <\/p>\n<p class=\"link-more\"><a href=\"http:\/\/teosz.hu\/T2\/alapszabaly\/\" class=\"more-link\"><span class=\"screen-reader-text\">&#8220;Alapszab\u00e1ly&#8221;<\/span> b\u0151vebben<\/a><\/p>\n","protected":false},"author":1,"featured_media":0,"parent":0,"menu_order":0,"comment_status":"closed","ping_status":"closed","template":"","meta":{"footnotes":""},"class_list":["post-143","page","type-page","status-publish","hentry"],"_links":{"self":[{"href":"http:\/\/teosz.hu\/T2\/wp-json\/wp\/v2\/pages\/143"}],"collection":[{"href":"http:\/\/teosz.hu\/T2\/wp-json\/wp\/v2\/pages"}],"about":[{"href":"http:\/\/teosz.hu\/T2\/wp-json\/wp\/v2\/types\/page"}],"author":[{"embeddable":true,"href":"http:\/\/teosz.hu\/T2\/wp-json\/wp\/v2\/users\/1"}],"replies":[{"embeddable":true,"href":"http:\/\/teosz.hu\/T2\/wp-json\/wp\/v2\/comments?post=143"}],"version-history":[{"count":6,"href":"http:\/\/teosz.hu\/T2\/wp-json\/wp\/v2\/pages\/143\/revisions"}],"predecessor-version":[{"id":221,"href":"http:\/\/teosz.hu\/T2\/wp-json\/wp\/v2\/pages\/143\/revisions\/221"}],"wp:attachment":[{"href":"http:\/\/teosz.hu\/T2\/wp-json\/wp\/v2\/media?parent=143"}],"curies":[{"name":"wp","href":"https:\/\/api.w.org\/{rel}","templated":true}]}}