{"id":145,"date":"2018-06-03T07:47:30","date_gmt":"2018-06-03T07:47:30","guid":{"rendered":"http:\/\/teosz.hu\/T2\/?page_id=145"},"modified":"2020-04-06T15:38:35","modified_gmt":"2020-04-06T15:38:35","slug":"valasztott-vezetok","status":"publish","type":"page","link":"http:\/\/teosz.hu\/T2\/valasztott-vezetok\/","title":{"rendered":"V\u00e1lasztott vezet\u0151k"},"content":{"rendered":"<p>&nbsp;<\/p>\n<p>&nbsp;<\/p>\n<p style=\"text-align: center;\"><strong><span style=\"font-size: 18pt;\">T\u00e1rsadalmi Egyes\u00fcl\u00e9sek Orsz\u00e1gos Sz\u00f6vets\u00e9ge (TESZ)<\/span><\/strong><\/p>\n<p>&nbsp;<\/p>\n<p style=\"text-align: center;\">Confederation of Social Associations<\/p>\n<p>&nbsp;<\/p>\n<p><strong>Orsz\u00e1gos Eln\u00f6ks\u00e9g<\/strong><\/p>\n<p>1093 Budapest, M\u00e1ty\u00e1s utca 15 fsz.<br \/>\nTelefon: +36-1-952-0871<br \/>\nE-mail: <a href=\"mailto:teszbp1@gmail.com\">teszbp1@gmail.com<\/a><\/p>\n<p>&nbsp;<\/p>\n<p>&nbsp;<\/p>\n<p style=\"text-align: center;\" align=\"justify\"><span style=\"font-size: 14pt;\"><strong> V\u00e1lasztott vezet\u0151test\u00fcletei \u00e9s tiszts\u00e9gvisel\u0151i<\/strong><\/span><\/p>\n<p align=\"center\">\n<p><b>Orsz\u00e1gos Eln\u00f6ks\u00e9g: <\/b>1012 Budapest, M\u00e1ty\u00e1s utca 15.<br \/>\nTelefon: +36 (1) 952 0871 E-mail c\u00edm:\u00a0<a href=\"mailto:tesz1bp@gmail.com\">tesz1bp@gmail.com<\/a><\/p>\n<p><b>Eln\u00f6k:<\/b> Horv\u00e1th Mikl\u00f3s<br \/>\nTESZ Zala Megyei Sz\u00f6vets\u00e9g \u00fcgyvezet\u0151-eln\u00f6k<br \/>\n8900 Zalaegerszeg, D\u00edsz t\u00e9r 7. E-mail c\u00edm:\u00a0<a href=\"mailto:teszrszfk@t-online.hu\">teszrszfk@t-online.hu<\/a><\/p>\n<p><b>Aleln\u00f6k:<\/b> Tari Ott\u00f3 TESZ N\u00f3gr\u00e1d Megyei Szervezet eln\u00f6ke<br \/>\n3100 Salg\u00f3tarj\u00e1n, R\u00e1k\u00f3czi F.u.13.<br \/>\nE-mail c\u00edm:\u00a0<a href=\"mailto:tariotto@invitel.hu\">tariotto@invitel.hu<\/a><\/p>\n<p><b>Az Eln\u00f6ks\u00e9g tagjai:<\/b><\/p>\n<p>Ferenczi Istv\u00e1n<br \/>\nTESZ B\u00e9k\u00e9s Megyei Sz\u00f6vets\u00e9g eln\u00f6ke<br \/>\n5700 Gyula, Esze Tam\u00e1s u.2.<br \/>\nE-mail c\u00edm:\u00a0<a href=\"mailto:teszbekesm@gmail.com\">teszbekesm@gmail.com<\/a><\/p>\n<p>Juh\u00e1sz J\u00f3zsef<br \/>\nTESZ J\u00e1sz-Nagykun-Szolnok Megyei Sz\u00f6vets\u00e9g eln\u00f6ke<br \/>\n5000 Szolnok, Szap\u00e1ry u.19.<br \/>\nE-mail c\u00edm: t<a href=\"mailto:esz.szolnok@t-online.hu\">esz.szolnok@t-online.hu<\/a><\/p>\n<p>Kaponya Gy\u00f6rgyn\u00e9<br \/>\nTESZ Tolna Megyei Szervezet \u00fcgyviv\u0151je<br \/>\n7100 Szeksz\u00e1rd, Arany J.u.18. fsz.3.<br \/>\nE-mail c\u00edm:\u00a0<a href=\"mailto:rozika@tolna.net\">rozika@tolna.net<\/a><\/p>\n<p>Kiss J\u00f3zsef TESZ B\u00e9k\u00e9s Megyei Sz\u00f6vets\u00e9g aleln\u00f6ke<br \/>\n5700 Gyula, Esze Tam\u00e1s u.2.<br \/>\nE-mail c\u00edm:\u00a0<a href=\"mailto:teszbekesm@gmail.com\">teszbekesm@gmail.com<\/a><\/p>\n<p>Dr R\u00e1cz S\u00e1ndor<br \/>\nTESZ Gy\u0151r-Moson-Sopron Megyei Sz\u00f6vets\u00e9g eln\u00f6ke<br \/>\n9021 Gy\u0151r, Arany J\u00e1nos u. 28-32.<br \/>\nE-mail c\u00edm:\u00a0<a href=\"mailto:postmaster@civilszovetseg.-t-online.hu\">postmaster@civilszovetseg.-t-online.hu<\/a><\/p>\n<p><b>Fel\u00fcgyel\u0151 Bizotts\u00e1g<\/b><\/p>\n<p><b>Eln\u00f6k:<\/b> Dr \u0150sz K\u00e1roly TESZ Csongr\u00e1d Megyei Szervezet \u00fcgyviv\u0151je<br \/>\n6723 Szeged, \u0170rhaj\u00f3s u. 6\/b.<br \/>\nE-mail c\u00edme:\u00a0<a href=\"mailto:drosz@freemail.hu\">drosz@freemail.hu<\/a><\/p>\n<p>&nbsp;<\/p>\n<p>&nbsp;<\/p>\n<p>&nbsp;<\/p>\n<p>&nbsp;<\/p>\n","protected":false},"excerpt":{"rendered":"<p>&nbsp; &nbsp; T\u00e1rsadalmi Egyes\u00fcl\u00e9sek Orsz\u00e1gos Sz\u00f6vets\u00e9ge (TESZ) &nbsp; Confederation of Social Associations &nbsp; Orsz\u00e1gos Eln\u00f6ks\u00e9g 1093 Budapest, M\u00e1ty\u00e1s utca 15 fsz. Telefon: +36-1-952-0871 E-mail: teszbp1@gmail.com &nbsp; &nbsp; V\u00e1lasztott vezet\u0151test\u00fcletei \u00e9s tiszts\u00e9gvisel\u0151i Orsz\u00e1gos Eln\u00f6ks\u00e9g: 1012 Budapest, M\u00e1ty\u00e1s utca 15. Telefon: +36 (1) 952 0871 E-mail c\u00edm:\u00a0tesz1bp@gmail.com Eln\u00f6k: Horv\u00e1th Mikl\u00f3s TESZ Zala Megyei Sz\u00f6vets\u00e9g \u00fcgyvezet\u0151-eln\u00f6k 8900 Zalaegerszeg, &hellip; <\/p>\n<p class=\"link-more\"><a href=\"http:\/\/teosz.hu\/T2\/valasztott-vezetok\/\" class=\"more-link\"><span class=\"screen-reader-text\">&#8220;V\u00e1lasztott vezet\u0151k&#8221;<\/span> b\u0151vebben<\/a><\/p>\n","protected":false},"author":1,"featured_media":0,"parent":0,"menu_order":0,"comment_status":"closed","ping_status":"closed","template":"","meta":{"footnotes":""},"class_list":["post-145","page","type-page","status-publish","hentry"],"_links":{"self":[{"href":"http:\/\/teosz.hu\/T2\/wp-json\/wp\/v2\/pages\/145"}],"collection":[{"href":"http:\/\/teosz.hu\/T2\/wp-json\/wp\/v2\/pages"}],"about":[{"href":"http:\/\/teosz.hu\/T2\/wp-json\/wp\/v2\/types\/page"}],"author":[{"embeddable":true,"href":"http:\/\/teosz.hu\/T2\/wp-json\/wp\/v2\/users\/1"}],"replies":[{"embeddable":true,"href":"http:\/\/teosz.hu\/T2\/wp-json\/wp\/v2\/comments?post=145"}],"version-history":[{"count":5,"href":"http:\/\/teosz.hu\/T2\/wp-json\/wp\/v2\/pages\/145\/revisions"}],"predecessor-version":[{"id":455,"href":"http:\/\/teosz.hu\/T2\/wp-json\/wp\/v2\/pages\/145\/revisions\/455"}],"wp:attachment":[{"href":"http:\/\/teosz.hu\/T2\/wp-json\/wp\/v2\/media?parent=145"}],"curies":[{"name":"wp","href":"https:\/\/api.w.org\/{rel}","templated":true}]}}